{"version":"1.0","provider_name":"Komolyan?!","provider_url":"https:\/\/szabriann.cafeblog.hu","author_name":"Szabriann","author_url":"https:\/\/szabriann.cafeblog.hu\/author\/szabriann\/","title":"\u00dcnnep","html":"K\u00f6zeleg a november \u00e9s vele egy\u00fctt a kar\u00e1csonyi bolondok h\u00e1za. R\u00e9gebben szerettem ezt a zsong\u00e1st, de n\u00e9h\u00e1ny \u00e9ve m\u00e1r igyeksz\u00fcnk elhat\u00e1rol\u00f3dni t\u0151le, olyannyira, hogy tavaly az \u00f6sszes aj\u00e1nd\u00e9kot h\u00e1zhoz rendeltem. \u00c9ljenek a web \u00e1ruh\u00e1zak! \u00cdgy elker\u00fcltem a t\u00f6meget, az ideg bajt \u00e9s a halom f\u00f6l\u00f6slegesen \u00f6sszev\u00e1s\u00e1rolt, haszna vehetetlen vackot pluszban. Apival kiss\u00e9 dink\u00e1k vagyunk a kiv\u00e1gott feny\u0151f\u00e1k k\u00e9rd\u00e9s\u00e9ben. Nek\u00fcnk egy\u00e9bk\u00e9nt \u00e1llatkertbe menni is tot\u00e1l f\u00f6l\u00f6sleges, mert k\u00e9pesek vagyunk v\u00e9gig sajn\u00e1lkozni az ott elt\u00f6lt\u00f6tt id\u0151t: szeg\u00e9ny tigrisnek t\u00fal kicsi a ketrece, szeg\u00e9ny jegesmedv\u00e9nek biztos nagyon melege van... \u00e9s \u00edgy tov\u00e1bb. Na k\u00f6r\u00fclbel\u00fcl \u00edgy vagyunk a feny\u0151f\u00e1kkal is. \u00c9pp ez\u00e9rt k\u00e9tszer is pr\u00f3b\u00e1lkoztunk m\u00e1r gy\u00f6keres feny\u0151vel \u00e9s lelki szemeink el\u0151tt m\u00e1r mindketten kirajzol\u00f3dni l\u00e1ttuk a feny\u0151erd\u0151v\u00e9 v\u00e1ltoz\u00f3 kert\u00fcnket. De sajnos egyik sem \u00e9lte t\u00fal az el\u00e9gg\u00e9 meleg tet\u0151 t\u00e9ri lak\u00e1sunkban t\u00f6lt\u00f6tt id\u0151t. Kompromisszumot k\u00f6t\u00f6tt\u00fcnk h\u00e1t \u00e9s igyeksz\u00fcnk azt a feny\u0151f\u00e1t v\u00e1lasztani , amir\u0151l szeretj\u00fck azt hinni, hogy nem a kar\u00e1csony miatt v\u00e1gt\u00e1k ki, hanem egy\u00e9b okokb\u00f3l am\u00fagy is ki kellett volna. A d\u00edszek sz\u00e9pen takarj\u00e1k a hi\u00e1nyoss\u00e1gait, amib\u0151l van b\u0151ven.&nbsp; Mivel Apival k\u00fcl\u00f6n-k\u00fcl\u00f6n \u00e9s egy\u00fctt is kb 10 f\u00e1ra val\u00f3 d\u00edszt felhalmoztunk az \u00e9vek sor\u00e1n, ez\u00e9rt az ut\u00f3bbi \u00e9vekben rendszerint <i>retro<\/i>-Kar\u00e1csonyf\u00e1nk van. Ami \u00e9pp a kez\u00fcnk \u00fcgy\u00e9be ker\u00fcl, azt r\u00e1aggatjuk, mindenf\u00e9le rendszer \u00e9s v\u00e1logat\u00e1s n\u00e9lk\u00fcl.&nbsp; Semmi divatos csak piros, csak k\u00e9k vagy csak ez\u00fcst\/arany . \u00c9s nem is a J\u00e9zuska hozza a feld\u00edsz\u00edtett f\u00e1t, \u00edgy a gyerekek is b\u00e1tran ki\u00e9lhetik a kreativit\u00e1sukat kedv\u00fckre. Rendhagy\u00f3 szok\u00e1sunk m\u00e9g, hogy 23.-\u00e1n este d\u00edsz\u00edt\u00fcnk, majd amikor a gyerekek nyugov\u00f3ra t\u00e9rnek, kibontunk egy \u00fcveg fincsi bort, le\u00fcl\u00fcnk \u00e9s csendesen vihogunk \u00e9jf\u00e9lig. 24.-\u00e9n reggelre pedig megj\u00f6n a J\u00e9zuska. Ennek nagy el\u0151nye, hogy a gyerekek nem t\u00fcrelmetlenkedik kereszt\u00fcl az eg\u00e9sz napot, hanem elj\u00e1tszanak eg\u00e9sz nap a sz\u00e9p \u00faj aj\u00e1nd\u00e9kokkal. Igaz, eddig ez csak a nagyobbik gyerek\u00fcnket \u00e9rintette, id\u00e9n viszont a kicsi is felfog majd ezt-azt bel\u0151le a maga m\u00e1sf\u00e9l \u00e9v\u00e9vel.<br \/>4 \u00e9ves l\u00e1nyk\u00e1nk m\u00e1r lelkesen k\u00e9sz\u00fcl a t\u00e9lre, gondolatban v\u00e9gel\u00e1thatatlan list\u00e1t \u00edrt a J\u00e9zusk\u00e1nak \u00e9s alig v\u00e1rja a rengeteg havat, a Mikul\u00e1st, a m\u00e9zeskal\u00e1cs s\u00fct\u00e9st, a tem\u00e9rdek \u00fcvegfest\u00e9st, az eg\u00e9sz lak\u00e1s \u00e9s a Kar\u00e1csonyfa d\u00edsz\u00edt\u00e9s\u00e9t. <br \/>Api a t\u00e9l kar\u00e1csony r\u00e9sz\u00e9re -\u00e9s vele egy\u00fctt az \u00e9v minden egyes \"direkt \u00fcnnep\u00e9re\" -legsz\u00edvesebben nyomna egy DELETE gombot. <br \/>1 \u00e9vesk\u00e9nknek m\u00e9g relat\u00edv minden mindegy. B\u00e1r amilyen \u00e9rdekl\u0151d\u0151, puffancs alkat\u00e1t meghazudtol\u00f3 f\u00fcrge kis artista v\u00e1lt bel\u0151le az elm\u00falt h\u00f3napok sor\u00e1n, tal\u00e1n m\u00e1r most ki kell dolgoznom egy \"biztons\u00e1gos Kar\u00e1csonyfa akci\u00f3 tervet\"! Apinak van \u00f6tlete erre is, id\u00e9zem: \" Majd fejjel lefel\u00e9 l\u00f3gatjuk le a plafonr\u00f3l, Szivcsi! \u00c9n megcsin\u00e1lom, Te csak tal\u00e1ld ki!\"<br \/>Nos, lesz dolgom, nem mondom! Minden esetre \u00e9n v\u00e1rom a kar\u00e1csonyt, mert szeretem. Ilyennek szeretem, amilyenn\u00e9 alak\u00edtottuk. Magunknak.","type":"rich"}